{"id":8629,"date":"2022-04-05T15:06:22","date_gmt":"2022-04-05T13:06:22","guid":{"rendered":"http:\/\/blog.pfadfinder-kuppenheim.de\/?page_id=8629"},"modified":"2022-08-05T19:02:15","modified_gmt":"2022-08-05T17:02:15","slug":"jupfi-blog","status":"publish","type":"page","link":"https:\/\/pfadfinder-kuppenheim.de\/?page_id=8629","title":{"rendered":"Jupfi-Blog"},"content":{"rendered":"\n<div class=\"wp-block-query is-layout-flow wp-block-query-is-layout-flow\"><ul class=\"wp-block-post-template is-layout-flow wp-block-post-template-is-layout-flow\"><li class=\"wp-block-post post-18011 post type-post status-publish format-standard hentry category-jupfis\">\n<h2 class=\"wp-block-post-title\">Gel\u00e4ndespiel und Abendessen<\/h2>\n\n<div class=\"wp-block-post-date\"><time datetime=\"2025-11-23T20:30:43+01:00\">23. November 2025<\/time><\/div>\n\n<div class=\"wp-block-post-excerpt\"><p class=\"wp-block-post-excerpt__excerpt\"><\/p><p class=\"wp-block-post-excerpt__more-text\"><a class=\"wp-block-post-excerpt__more-link\" href=\"https:\/\/pfadfinder-kuppenheim.de\/?p=18011\">Weiterlesen&#8230;<\/a><\/p><\/div>\n<\/li><li class=\"wp-block-post post-18003 post type-post status-publish format-standard hentry category-jupfis\">\n<h2 class=\"wp-block-post-title\">Spaziergang auf den Mahlberg<\/h2>\n\n<div class=\"wp-block-post-date\"><time datetime=\"2025-11-22T12:57:42+01:00\">22. November 2025<\/time><\/div>\n\n<div class=\"wp-block-post-excerpt\"><p class=\"wp-block-post-excerpt__excerpt\">Nach dem Fr\u00fchst\u00fcck ging es erstmal f\u00fcr alle eine Runde auf den Mahlberg um wieder Platz f\u00fcrs Mittagessen zu machen. Mit Spa\u00df und viel Schnee im Nacken war der Spaziergang umso schneller auch schon wieder vorbei.<\/p><p class=\"wp-block-post-excerpt__more-text\"><a class=\"wp-block-post-excerpt__more-link\" href=\"https:\/\/pfadfinder-kuppenheim.de\/?p=18003\">Weiterlesen&#8230;<\/a><\/p><\/div>\n<\/li><li class=\"wp-block-post post-17997 post type-post status-publish format-standard hentry category-jupfis\">\n<h2 class=\"wp-block-post-title\">Fr\u00fchst\u00fcck in Freiolsheim<\/h2>\n\n<div class=\"wp-block-post-date\"><time datetime=\"2025-11-22T09:53:51+01:00\">22. November 2025<\/time><\/div>\n\n<div class=\"wp-block-post-excerpt\"><p class=\"wp-block-post-excerpt__excerpt\">Fr\u00fch geweckt von unseren Quatschk\u00f6pfen um 6:40 Uhr konnten wir doch noch ein bisschen Schlaf sammeln und danach gemeinsam fr\u00fchst\u00fccken. Zum Fr\u00fchst\u00fcck gibt es leckere Pancakes mit Obst, Nutella, Marmelade und Kuchen.<\/p><p class=\"wp-block-post-excerpt__more-text\"><a class=\"wp-block-post-excerpt__more-link\" href=\"https:\/\/pfadfinder-kuppenheim.de\/?p=17997\">Weiterlesen&#8230;<\/a><\/p><\/div>\n<\/li><li class=\"wp-block-post post-17796 post type-post status-publish format-standard has-post-thumbnail hentry category-jupfis\">\n<h2 class=\"wp-block-post-title\">Disco Disco<\/h2>\n\n<div class=\"wp-block-post-date\"><time datetime=\"2025-09-23T19:07:43+02:00\">23. September 2025<\/time><\/div>\n\n<div class=\"wp-block-post-excerpt\"><p class=\"wp-block-post-excerpt__excerpt\"><\/p><p class=\"wp-block-post-excerpt__more-text\"><a class=\"wp-block-post-excerpt__more-link\" href=\"https:\/\/pfadfinder-kuppenheim.de\/?p=17796\">Weiterlesen&#8230;<\/a><\/p><\/div>\n<\/li><li class=\"wp-block-post post-17770 post type-post status-publish format-standard has-post-thumbnail hentry category-jupfis category-jupfis_sola_tagebuch\">\n<h2 class=\"wp-block-post-title\">Olympisches Sommerlager in Villingen<\/h2>\n\n<div class=\"wp-block-post-date\"><time datetime=\"2025-08-28T19:27:55+02:00\">28. August 2025<\/time><\/div>\n\n<div class=\"wp-block-post-excerpt\"><p class=\"wp-block-post-excerpt__excerpt\">Am Samstag, 02.08 sind 14 motivierte Jupfis und 4 LeiterInnen mit der Bahn oder mit dem Auto nach Villingen gefahren. Samstag und Sonntag war klassischer Aufbautag. Samstagabends haben wir lecker gegrillt. Sonntags wurde unser Lager mit dem olympischen Feuer und dem Begr\u00fc\u00dfungsgang \u00fcber unseren Zeltplatz er\u00f6ffnet. Wir Athleten aus unterschiedlichen L\u00e4ndern und Disziplinen bewiesen unser<\/p><p class=\"wp-block-post-excerpt__more-text\"><a class=\"wp-block-post-excerpt__more-link\" href=\"https:\/\/pfadfinder-kuppenheim.de\/?p=17770\">Weiterlesen&#8230;<\/a><\/p><\/div>\n<\/li><li class=\"wp-block-post post-17721 post type-post status-publish format-standard hentry category-jupfis_sola_tagebuch\">\n<h2 class=\"wp-block-post-title\">Bericht 15.08<\/h2>\n\n<div class=\"wp-block-post-date\"><time datetime=\"2025-08-15T13:15:04+02:00\">15. August 2025<\/time><\/div>\n\n<div class=\"wp-block-post-excerpt\"><p class=\"wp-block-post-excerpt__excerpt\">Ja, in diesem an diesem Tag war es so, dass wir gut aufgewacht sind, und gefr\u00fchst\u00fcckt haben. Danach haben Jana und ich Teller gewaschen. Dann haben wir alles aufger\u00e4umt, Holz, Seile und alles was halt anstand. Danach sind wir zum Bahnhof gelaufen. Wir sind schnell gelaufen, deshalb sitzen wir jetzt im Zug. Alle freuen sich<\/p><p class=\"wp-block-post-excerpt__more-text\"><a class=\"wp-block-post-excerpt__more-link\" href=\"https:\/\/pfadfinder-kuppenheim.de\/?p=17721\">Weiterlesen&#8230;<\/a><\/p><\/div>\n<\/li><li class=\"wp-block-post post-17722 post type-post status-publish format-standard hentry category-jupfis_sola_tagebuch\">\n<h2 class=\"wp-block-post-title\">Bericht 14.08<\/h2>\n\n<div class=\"wp-block-post-date\"><time datetime=\"2025-08-15T13:04:11+02:00\">15. August 2025<\/time><\/div>\n\n<div class=\"wp-block-post-excerpt\"><p class=\"wp-block-post-excerpt__excerpt\">Wir sind morgens aufgewacht und haben dann gefr\u00fchst\u00fcckt. Danach haben wir angefangen die Sipptische abzubauen. Danach als die Tische weg waren haben wir eine Mittagspause gemacht. Dann haben wir die Zelte abgebaut. Dann fingen wir an die Jurte abzubauen. Zum Schluss gab es noch den bunten Abend der von Julian und Jana geleitet wurde. Geschrieben<\/p><p class=\"wp-block-post-excerpt__more-text\"><a class=\"wp-block-post-excerpt__more-link\" href=\"https:\/\/pfadfinder-kuppenheim.de\/?p=17722\">Weiterlesen&#8230;<\/a><\/p><\/div>\n<\/li><li class=\"wp-block-post post-17720 post type-post status-publish format-standard has-post-thumbnail hentry category-jupfis\">\n<h2 class=\"wp-block-post-title\">Abschlussrunde und die Heimfahrt<\/h2>\n\n<div class=\"wp-block-post-date\"><time datetime=\"2025-08-15T12:55:11+02:00\">15. August 2025<\/time><\/div>\n\n<div class=\"wp-block-post-excerpt\"><p class=\"wp-block-post-excerpt__excerpt\"><\/p><p class=\"wp-block-post-excerpt__more-text\"><a class=\"wp-block-post-excerpt__more-link\" href=\"https:\/\/pfadfinder-kuppenheim.de\/?p=17720\">Weiterlesen&#8230;<\/a><\/p><\/div>\n<\/li><li class=\"wp-block-post post-17691 post type-post status-publish format-standard has-post-thumbnail hentry category-jupfis\">\n<h2 class=\"wp-block-post-title\">Letztes Fr\u00fchst\u00fcck<\/h2>\n\n<div class=\"wp-block-post-date\"><time datetime=\"2025-08-15T09:06:46+02:00\">15. August 2025<\/time><\/div>\n\n<div class=\"wp-block-post-excerpt\"><p class=\"wp-block-post-excerpt__excerpt\">Nach dem langen bunten Abend gibts das letzte Mal Fr\u00fchst\u00fcck mit Belag und Brot Heute reisen wir mit einem Milit\u00e4rhubschrauber zur\u00fcck. Ein Niedrigflug \u00fcber unseren Platz<\/p><p class=\"wp-block-post-excerpt__more-text\"><a class=\"wp-block-post-excerpt__more-link\" href=\"https:\/\/pfadfinder-kuppenheim.de\/?p=17691\">Weiterlesen&#8230;<\/a><\/p><\/div>\n<\/li><li class=\"wp-block-post post-17641 post type-post status-publish format-standard has-post-thumbnail hentry category-jupfis\">\n<h2 class=\"wp-block-post-title\">Bunter olympischer Abend<\/h2>\n\n<div class=\"wp-block-post-date\"><time datetime=\"2025-08-14T22:23:47+02:00\">14. August 2025<\/time><\/div>\n\n<div class=\"wp-block-post-excerpt\"><p class=\"wp-block-post-excerpt__excerpt\">Streifensieger Sippe Katzen Die Sippe schwarze Katzen sind die Sieger des Kochwettbewerbs Elias als Lagerchampignon, Ilja und Moritz als Anw\u00e4rter.<\/p><p class=\"wp-block-post-excerpt__more-text\"><a class=\"wp-block-post-excerpt__more-link\" href=\"https:\/\/pfadfinder-kuppenheim.de\/?p=17641\">Weiterlesen&#8230;<\/a><\/p><\/div>\n<\/li><\/ul>\n\n<nav class=\"wp-block-query-pagination is-layout-flex wp-block-query-pagination-is-layout-flex\" aria-label=\"Seitennummerierung\">\n\n\n<div class=\"wp-block-query-pagination-numbers\"><span aria-current=\"page\" class=\"page-numbers current\">1<\/span>\n<a class=\"page-numbers\" href=\"?query-7-page=2&#038;rest_route=%2Fwp%2Fv2%2Fpages%2F8629\">2<\/a>\n<a class=\"page-numbers\" href=\"?query-7-page=3&#038;rest_route=%2Fwp%2Fv2%2Fpages%2F8629\">3<\/a>\n<span class=\"page-numbers dots\">&hellip;<\/span>\n<a class=\"page-numbers\" href=\"?query-7-page=65&#038;rest_route=%2Fwp%2Fv2%2Fpages%2F8629\">65<\/a><\/div>\n\n<a href=\"\/index.php?rest_route=%2Fwp%2Fv2%2Fpages%2F8629&#038;query-7-page=2\" class=\"wp-block-query-pagination-next\">N\u00e4chste Seite<\/a>\n<\/nav><\/div>\n","protected":false},"excerpt":{"rendered":"","protected":false},"author":2,"featured_media":0,"parent":0,"menu_order":0,"comment_status":"closed","ping_status":"closed","template":"","meta":{"neve_meta_sidebar":"","neve_meta_container":"","neve_meta_enable_content_width":"","neve_meta_content_width":0,"neve_meta_title_alignment":"","neve_meta_author_avatar":"","neve_post_elements_order":"","neve_meta_disable_header":"","neve_meta_disable_footer":"","neve_meta_disable_title":"","jetpack_post_was_ever_published":false,"footnotes":""},"class_list":["post-8629","page","type-page","status-publish","hentry"],"jetpack_sharing_enabled":true,"jetpack_shortlink":"https:\/\/wp.me\/P3G0PZ-2fb","_links":{"self":[{"href":"https:\/\/pfadfinder-kuppenheim.de\/index.php?rest_route=\/wp\/v2\/pages\/8629","targetHints":{"allow":["GET"]}}],"collection":[{"href":"https:\/\/pfadfinder-kuppenheim.de\/index.php?rest_route=\/wp\/v2\/pages"}],"about":[{"href":"https:\/\/pfadfinder-kuppenheim.de\/index.php?rest_route=\/wp\/v2\/types\/page"}],"author":[{"embeddable":true,"href":"https:\/\/pfadfinder-kuppenheim.de\/index.php?rest_route=\/wp\/v2\/users\/2"}],"replies":[{"embeddable":true,"href":"https:\/\/pfadfinder-kuppenheim.de\/index.php?rest_route=%2Fwp%2Fv2%2Fcomments&post=8629"}],"version-history":[{"count":3,"href":"https:\/\/pfadfinder-kuppenheim.de\/index.php?rest_route=\/wp\/v2\/pages\/8629\/revisions"}],"predecessor-version":[{"id":9603,"href":"https:\/\/pfadfinder-kuppenheim.de\/index.php?rest_route=\/wp\/v2\/pages\/8629\/revisions\/9603"}],"wp:attachment":[{"href":"https:\/\/pfadfinder-kuppenheim.de\/index.php?rest_route=%2Fwp%2Fv2%2Fmedia&parent=8629"}],"curies":[{"name":"wp","href":"https:\/\/api.w.org\/{rel}","templated":true}]}}