{"id":2,"date":"2013-06-22T11:17:29","date_gmt":"2013-06-22T09:17:29","guid":{"rendered":"http:\/\/blog.pfadfinder-kuppenheim.de\/?page_id=2"},"modified":"2025-07-29T08:29:15","modified_gmt":"2025-07-29T06:29:15","slug":"sample-page","status":"publish","type":"page","link":"https:\/\/pfadfinder-kuppenheim.de\/","title":{"rendered":""},"content":{"rendered":"\n<div class=\"wp-block-cover alignfull is-light\"><img data-recalc-dims=\"1\" loading=\"lazy\" decoding=\"async\" width=\"1024\" height=\"765\" class=\"wp-block-cover__image-background wp-image-10241\" alt=\"\" src=\"https:\/\/i0.wp.com\/blog.pfadfinder-kuppenheim.de\/wp-content\/uploads\/2023\/01\/IMG-20130803-194449-1024x765.jpg?resize=1024%2C765\" style=\"object-position:47% 82%\" data-object-fit=\"cover\" data-object-position=\"47% 82%\" srcset=\"https:\/\/i0.wp.com\/pfadfinder-kuppenheim.de\/wp-content\/uploads\/2023\/01\/IMG-20130803-194449-scaled.jpg?resize=1024%2C765&amp;ssl=1 1024w, https:\/\/i0.wp.com\/pfadfinder-kuppenheim.de\/wp-content\/uploads\/2023\/01\/IMG-20130803-194449-scaled.jpg?resize=300%2C224&amp;ssl=1 300w, https:\/\/i0.wp.com\/pfadfinder-kuppenheim.de\/wp-content\/uploads\/2023\/01\/IMG-20130803-194449-scaled.jpg?resize=768%2C574&amp;ssl=1 768w, https:\/\/i0.wp.com\/pfadfinder-kuppenheim.de\/wp-content\/uploads\/2023\/01\/IMG-20130803-194449-scaled.jpg?resize=1536%2C1147&amp;ssl=1 1536w, https:\/\/i0.wp.com\/pfadfinder-kuppenheim.de\/wp-content\/uploads\/2023\/01\/IMG-20130803-194449-scaled.jpg?resize=2048%2C1530&amp;ssl=1 2048w, https:\/\/i0.wp.com\/pfadfinder-kuppenheim.de\/wp-content\/uploads\/2023\/01\/IMG-20130803-194449-scaled.jpg?w=2400&amp;ssl=1 2400w\" sizes=\"auto, (max-width: 1024px) 100vw, 1024px\" \/><span aria-hidden=\"true\" class=\"wp-block-cover__background has-background-dim\"><\/span><div class=\"wp-block-cover__inner-container is-layout-flow wp-block-cover-is-layout-flow\">\n<h2 class=\"wp-block-heading has-text-align-center has-nv-site-bg-color has-text-color has-large-font-size\">Willkommen beim <\/h2>\n\n\n\n<h2 class=\"wp-block-heading has-text-align-center has-nv-site-bg-color has-text-color has-large-font-size\">Pfadfinder Stamm St. Sebastian Kuppenheim<\/h2>\n<\/div><\/div>\n\n\n\n<blockquote class=\"wp-block-quote has-text-align-center is-layout-flow wp-block-quote-is-layout-flow\">\n<hr class=\"wp-block-separator has-alpha-channel-opacity is-style-wide\"\/>\n\n\n\n<h4 class=\"wp-block-heading has-text-align-center has-text-color\" style=\"color:#003056;font-style:normal;font-weight:100\">Ohne Abenteuer w\u00e4re das Leben t\u00f6dlich langweilig.<\/h4>\n<cite><strong><em>Robert Baden-Powell<\/em><\/strong><\/cite><\/blockquote>\n\n\n\n<hr class=\"wp-block-separator has-alpha-channel-opacity is-style-wide\"\/>\n\n\n\n<h2 class=\"wp-block-heading\" id=\"wp-block-themeisle-blocks-advanced-heading-9544202b\">Unsere Stufen<\/h2>\n\n\n\n<p><strong>Wir treffen uns w\u00f6chentlich, au\u00dfer in den Ferien<\/strong>.<\/p>\n\n\n\n<div class=\"wp-block-columns is-layout-flex wp-container-core-columns-is-layout-9d6595d7 wp-block-columns-is-layout-flex\">\n<div class=\"wp-block-column is-layout-flow wp-block-column-is-layout-flow\" style=\"flex-basis:20%\">\n<figure class=\"wp-block-image size-full\"><a href=\"https:\/\/pfadfinder-kuppenheim.de\/?page_id=10348\"><img data-recalc-dims=\"1\" loading=\"lazy\" decoding=\"async\" width=\"270\" height=\"135\" src=\"https:\/\/i0.wp.com\/pfadfinder-kuppenheim.de\/wp-content\/uploads\/2023\/01\/Biber2.jpg?resize=270%2C135&#038;ssl=1\" alt=\"\" class=\"wp-image-10463\"\/><\/a><figcaption class=\"wp-element-caption\">Dienstag 16:30 bis 17:30 Uhr<\/figcaption><\/figure>\n<\/div>\n\n\n\n<div class=\"wp-block-column is-layout-flow wp-block-column-is-layout-flow\" style=\"flex-basis:20%\">\n<figure class=\"wp-block-image size-full\"><a href=\"https:\/\/pfadfinder-kuppenheim.de\/?page_id=11\"><img data-recalc-dims=\"1\" loading=\"lazy\" decoding=\"async\" width=\"270\" height=\"135\" src=\"https:\/\/i0.wp.com\/pfadfinder-kuppenheim.de\/wp-content\/uploads\/2023\/01\/Woelflingskachel-1.webp?resize=270%2C135&#038;ssl=1\" alt=\"\" class=\"wp-image-10319\"\/><\/a><figcaption class=\"wp-element-caption\">Montag von 17 bis 18:30 Uhr<\/figcaption><\/figure>\n<\/div>\n\n\n\n<div class=\"wp-block-column is-layout-flow wp-block-column-is-layout-flow\" style=\"flex-basis:20%\">\n<figure class=\"wp-block-image size-full\"><a href=\"https:\/\/pfadfinder-kuppenheim.de\/?page_id=12\"><img data-recalc-dims=\"1\" loading=\"lazy\" decoding=\"async\" width=\"270\" height=\"135\" src=\"https:\/\/i0.wp.com\/pfadfinder-kuppenheim.de\/wp-content\/uploads\/2023\/01\/Jungpfadfinderkachel-1.webp?resize=270%2C135&#038;ssl=1\" alt=\"\" class=\"wp-image-10320\"\/><\/a><figcaption class=\"wp-element-caption\">Dienstag von 18 bis 20 Uhr<\/figcaption><\/figure>\n<\/div>\n\n\n\n<div class=\"wp-block-column is-layout-flow wp-block-column-is-layout-flow\" style=\"flex-basis:20%\">\n<figure class=\"wp-block-image size-full\"><a href=\"https:\/\/pfadfinder-kuppenheim.de\/?page_id=13\"><img data-recalc-dims=\"1\" loading=\"lazy\" decoding=\"async\" width=\"270\" height=\"135\" src=\"https:\/\/i0.wp.com\/pfadfinder-kuppenheim.de\/wp-content\/uploads\/2023\/01\/Pfadfinderkachel-1.webp?resize=270%2C135&#038;ssl=1\" alt=\"\" class=\"wp-image-10321\"\/><\/a><figcaption class=\"wp-element-caption\">Montag von 19 bis 21 Uhr<\/figcaption><\/figure>\n<\/div>\n\n\n\n<div class=\"wp-block-column is-layout-flow wp-block-column-is-layout-flow\" style=\"flex-basis:20%\">\n<figure class=\"wp-block-image size-full\"><a href=\"https:\/\/pfadfinder-kuppenheim.de\/?page_id=14\"><img data-recalc-dims=\"1\" loading=\"lazy\" decoding=\"async\" width=\"270\" height=\"135\" src=\"https:\/\/i0.wp.com\/pfadfinder-kuppenheim.de\/wp-content\/uploads\/2023\/01\/roverkachel-1.webp?resize=270%2C135&#038;ssl=1\" alt=\"\" class=\"wp-image-10322\"\/><\/a><figcaption class=\"wp-element-caption\">Mittwoch von 20 bis 22 Uhr<\/figcaption><\/figure>\n<\/div>\n<\/div>\n\n\n\n<hr class=\"wp-block-separator has-text-color has-black-color has-css-opacity has-black-background-color has-background is-style-wide\"\/>\n\n\n\n<h1 class=\"wp-block-heading has-text-align-center\">Beitr\u00e4ge<\/h1>\n\n\n<ul class=\"wp-block-latest-posts__list is-grid columns-3 has-dates wp-block-latest-posts\"><li><div class=\"wp-block-latest-posts__featured-image aligncenter\"><img loading=\"lazy\" decoding=\"async\" width=\"1024\" height=\"768\" src=\"https:\/\/i0.wp.com\/pfadfinder-kuppenheim.de\/wp-content\/uploads\/2026\/04\/IMG_2804.jpeg?fit=1024%2C768&amp;ssl=1\" class=\"attachment-large size-large wp-post-image\" alt=\"\" style=\"max-width:344px;max-height:194px;\" srcset=\"https:\/\/i0.wp.com\/pfadfinder-kuppenheim.de\/wp-content\/uploads\/2026\/04\/IMG_2804.jpeg?w=2560&amp;ssl=1 2560w, https:\/\/i0.wp.com\/pfadfinder-kuppenheim.de\/wp-content\/uploads\/2026\/04\/IMG_2804.jpeg?resize=300%2C225&amp;ssl=1 300w, https:\/\/i0.wp.com\/pfadfinder-kuppenheim.de\/wp-content\/uploads\/2026\/04\/IMG_2804.jpeg?resize=1024%2C768&amp;ssl=1 1024w, https:\/\/i0.wp.com\/pfadfinder-kuppenheim.de\/wp-content\/uploads\/2026\/04\/IMG_2804.jpeg?resize=768%2C576&amp;ssl=1 768w, https:\/\/i0.wp.com\/pfadfinder-kuppenheim.de\/wp-content\/uploads\/2026\/04\/IMG_2804.jpeg?resize=1536%2C1152&amp;ssl=1 1536w, https:\/\/i0.wp.com\/pfadfinder-kuppenheim.de\/wp-content\/uploads\/2026\/04\/IMG_2804.jpeg?resize=2048%2C1536&amp;ssl=1 2048w, https:\/\/i0.wp.com\/pfadfinder-kuppenheim.de\/wp-content\/uploads\/2026\/04\/IMG_2804.jpeg?w=2400&amp;ssl=1 2400w\" sizes=\"auto, (max-width: 1024px) 100vw, 1024px\" \/><\/div><a class=\"wp-block-latest-posts__post-title\" href=\"https:\/\/pfadfinder-kuppenheim.de\/?p=18303\">Dienstplan &#8211; Flammkuchenstand<\/a><time datetime=\"2026-04-26T09:29:28+02:00\" class=\"wp-block-latest-posts__post-date\">26. April 2026<\/time><div class=\"wp-block-latest-posts__post-excerpt\"><\/div><\/li>\n<li><div class=\"wp-block-latest-posts__featured-image aligncenter\"><img loading=\"lazy\" decoding=\"async\" width=\"768\" height=\"1024\" src=\"https:\/\/i0.wp.com\/pfadfinder-kuppenheim.de\/wp-content\/uploads\/2026\/04\/katha1.jpg?fit=768%2C1024&amp;ssl=1\" class=\"attachment-large size-large wp-post-image\" alt=\"\" style=\"max-width:344px;max-height:194px;\" srcset=\"https:\/\/i0.wp.com\/pfadfinder-kuppenheim.de\/wp-content\/uploads\/2026\/04\/katha1.jpg?w=1170&amp;ssl=1 1170w, https:\/\/i0.wp.com\/pfadfinder-kuppenheim.de\/wp-content\/uploads\/2026\/04\/katha1.jpg?resize=225%2C300&amp;ssl=1 225w, https:\/\/i0.wp.com\/pfadfinder-kuppenheim.de\/wp-content\/uploads\/2026\/04\/katha1.jpg?resize=768%2C1024&amp;ssl=1 768w, https:\/\/i0.wp.com\/pfadfinder-kuppenheim.de\/wp-content\/uploads\/2026\/04\/katha1.jpg?resize=1152%2C1536&amp;ssl=1 1152w\" sizes=\"auto, (max-width: 768px) 100vw, 768px\" \/><\/div><a class=\"wp-block-latest-posts__post-title\" href=\"https:\/\/pfadfinder-kuppenheim.de\/?p=18381\">Am Sonntag bleibt die K\u00fcche kalt!\u00a0<\/a><time datetime=\"2026-04-26T09:26:26+02:00\" class=\"wp-block-latest-posts__post-date\">26. April 2026<\/time><div class=\"wp-block-latest-posts__post-excerpt\">Am Sonntag bleibt die K\u00fcche kalt, wir machen bei den Pfadis Halt! Am Samstag schon bleibt Spotify aus &#8211; da&hellip;&nbsp;<a href=\"https:\/\/pfadfinder-kuppenheim.de\/?p=18381\" class=\"\" rel=\"bookmark\">Weiterlesen &raquo;<span class=\"screen-reader-text\">Am Sonntag bleibt die K\u00fcche kalt!\u00a0<\/span><\/a><\/div><\/li>\n<li><div class=\"wp-block-latest-posts__featured-image aligncenter\"><img loading=\"lazy\" decoding=\"async\" width=\"1024\" height=\"768\" src=\"https:\/\/i0.wp.com\/pfadfinder-kuppenheim.de\/wp-content\/uploads\/2026\/04\/25c856b9-9164-4be4-832f-df5c11eb17d0.jpg?fit=1024%2C768&amp;ssl=1\" class=\"attachment-large size-large wp-post-image\" alt=\"\" style=\"max-width:344px;max-height:194px;\" srcset=\"https:\/\/i0.wp.com\/pfadfinder-kuppenheim.de\/wp-content\/uploads\/2026\/04\/25c856b9-9164-4be4-832f-df5c11eb17d0.jpg?w=1600&amp;ssl=1 1600w, https:\/\/i0.wp.com\/pfadfinder-kuppenheim.de\/wp-content\/uploads\/2026\/04\/25c856b9-9164-4be4-832f-df5c11eb17d0.jpg?resize=300%2C225&amp;ssl=1 300w, https:\/\/i0.wp.com\/pfadfinder-kuppenheim.de\/wp-content\/uploads\/2026\/04\/25c856b9-9164-4be4-832f-df5c11eb17d0.jpg?resize=1024%2C768&amp;ssl=1 1024w, https:\/\/i0.wp.com\/pfadfinder-kuppenheim.de\/wp-content\/uploads\/2026\/04\/25c856b9-9164-4be4-832f-df5c11eb17d0.jpg?resize=768%2C576&amp;ssl=1 768w, https:\/\/i0.wp.com\/pfadfinder-kuppenheim.de\/wp-content\/uploads\/2026\/04\/25c856b9-9164-4be4-832f-df5c11eb17d0.jpg?resize=1536%2C1152&amp;ssl=1 1536w\" sizes=\"auto, (max-width: 1024px) 100vw, 1024px\" \/><\/div><a class=\"wp-block-latest-posts__post-title\" href=\"https:\/\/pfadfinder-kuppenheim.de\/?p=18379\">Ein Wochenende voller Fische, Taucher und Spiele geht zuende\u2026<\/a><time datetime=\"2026-04-22T21:30:34+02:00\" class=\"wp-block-latest-posts__post-date\">22. April 2026<\/time><div class=\"wp-block-latest-posts__post-excerpt\">Heute morgen starteten wir mit einer Runde Versteck Verbrannt uns Nuttelabrot sowie Kaba in den Tag. Danach gab es eine&hellip;&nbsp;<a href=\"https:\/\/pfadfinder-kuppenheim.de\/?p=18379\" class=\"\" rel=\"bookmark\">Weiterlesen &raquo;<span class=\"screen-reader-text\">Ein Wochenende voller Fische, Taucher und Spiele geht zuende\u2026<\/span><\/a><\/div><\/li>\n<li><div class=\"wp-block-latest-posts__featured-image aligncenter\"><img loading=\"lazy\" decoding=\"async\" width=\"768\" height=\"1024\" src=\"https:\/\/i0.wp.com\/pfadfinder-kuppenheim.de\/wp-content\/uploads\/2026\/04\/img_6761-1.jpg?fit=768%2C1024&amp;ssl=1\" class=\"attachment-large size-large wp-post-image\" alt=\"\" style=\"max-width:344px;max-height:194px;\" srcset=\"https:\/\/i0.wp.com\/pfadfinder-kuppenheim.de\/wp-content\/uploads\/2026\/04\/img_6761-1.jpg?w=1500&amp;ssl=1 1500w, https:\/\/i0.wp.com\/pfadfinder-kuppenheim.de\/wp-content\/uploads\/2026\/04\/img_6761-1.jpg?resize=225%2C300&amp;ssl=1 225w, https:\/\/i0.wp.com\/pfadfinder-kuppenheim.de\/wp-content\/uploads\/2026\/04\/img_6761-1.jpg?resize=768%2C1024&amp;ssl=1 768w, https:\/\/i0.wp.com\/pfadfinder-kuppenheim.de\/wp-content\/uploads\/2026\/04\/img_6761-1.jpg?resize=1152%2C1536&amp;ssl=1 1152w\" sizes=\"auto, (max-width: 768px) 100vw, 768px\" \/><\/div><a class=\"wp-block-latest-posts__post-title\" href=\"https:\/\/pfadfinder-kuppenheim.de\/?p=18368\">Feuer und Stockbrot<\/a><time datetime=\"2026-04-22T21:28:37+02:00\" class=\"wp-block-latest-posts__post-date\">22. April 2026<\/time><div class=\"wp-block-latest-posts__post-excerpt\">Am Montag ging das diesj\u00e4hrige Projekt der W\u00f6lflinge \u201eHolz\u201c weiter. Jedoch reflektierten wir zuerst den Georgstag mit einer neuen Zielscheibe.&hellip;&nbsp;<a href=\"https:\/\/pfadfinder-kuppenheim.de\/?p=18368\" class=\"\" rel=\"bookmark\">Weiterlesen &raquo;<span class=\"screen-reader-text\">Feuer und Stockbrot<\/span><\/a><\/div><\/li>\n<li><div class=\"wp-block-latest-posts__featured-image aligncenter\"><img loading=\"lazy\" decoding=\"async\" width=\"768\" height=\"1024\" src=\"https:\/\/i0.wp.com\/pfadfinder-kuppenheim.de\/wp-content\/uploads\/2026\/04\/img_6725-1.jpg?fit=768%2C1024&amp;ssl=1\" class=\"attachment-large size-large wp-post-image\" alt=\"\" style=\"max-width:344px;max-height:194px;\" srcset=\"https:\/\/i0.wp.com\/pfadfinder-kuppenheim.de\/wp-content\/uploads\/2026\/04\/img_6725-1.jpg?w=1500&amp;ssl=1 1500w, https:\/\/i0.wp.com\/pfadfinder-kuppenheim.de\/wp-content\/uploads\/2026\/04\/img_6725-1.jpg?resize=225%2C300&amp;ssl=1 225w, https:\/\/i0.wp.com\/pfadfinder-kuppenheim.de\/wp-content\/uploads\/2026\/04\/img_6725-1.jpg?resize=768%2C1024&amp;ssl=1 768w, https:\/\/i0.wp.com\/pfadfinder-kuppenheim.de\/wp-content\/uploads\/2026\/04\/img_6725-1.jpg?resize=1152%2C1536&amp;ssl=1 1152w\" sizes=\"auto, (max-width: 768px) 100vw, 768px\" \/><\/div><a class=\"wp-block-latest-posts__post-title\" href=\"https:\/\/pfadfinder-kuppenheim.de\/?p=18354\">Georgstag<\/a><time datetime=\"2026-04-21T16:50:10+02:00\" class=\"wp-block-latest-posts__post-date\">21. April 2026<\/time><div class=\"wp-block-latest-posts__post-excerpt\">Letzten Sonntag traf sich der gesamte Pfadfinderstamm auf dem Friedensplatz um einen ereignisreichen Tag zu erleben. Zu Beginn nahmen alle&hellip;&nbsp;<a href=\"https:\/\/pfadfinder-kuppenheim.de\/?p=18354\" class=\"\" rel=\"bookmark\">Weiterlesen &raquo;<span class=\"screen-reader-text\">Georgstag<\/span><\/a><\/div><\/li>\n<li><div class=\"wp-block-latest-posts__featured-image aligncenter\"><img loading=\"lazy\" decoding=\"async\" width=\"768\" height=\"1024\" src=\"https:\/\/i0.wp.com\/pfadfinder-kuppenheim.de\/wp-content\/uploads\/2026\/04\/img_6645-1.jpg?fit=768%2C1024&amp;ssl=1\" class=\"attachment-large size-large wp-post-image\" alt=\"\" style=\"max-width:344px;max-height:194px;\" srcset=\"https:\/\/i0.wp.com\/pfadfinder-kuppenheim.de\/wp-content\/uploads\/2026\/04\/img_6645-1.jpg?w=1500&amp;ssl=1 1500w, https:\/\/i0.wp.com\/pfadfinder-kuppenheim.de\/wp-content\/uploads\/2026\/04\/img_6645-1.jpg?resize=225%2C300&amp;ssl=1 225w, https:\/\/i0.wp.com\/pfadfinder-kuppenheim.de\/wp-content\/uploads\/2026\/04\/img_6645-1.jpg?resize=768%2C1024&amp;ssl=1 768w, https:\/\/i0.wp.com\/pfadfinder-kuppenheim.de\/wp-content\/uploads\/2026\/04\/img_6645-1.jpg?resize=1152%2C1536&amp;ssl=1 1152w\" sizes=\"auto, (max-width: 768px) 100vw, 768px\" \/><\/div><a class=\"wp-block-latest-posts__post-title\" href=\"https:\/\/pfadfinder-kuppenheim.de\/?p=18335\">Actionreiche Truppstunde<\/a><time datetime=\"2026-04-16T12:47:25+02:00\" class=\"wp-block-latest-posts__post-date\">16. April 2026<\/time><div class=\"wp-block-latest-posts__post-excerpt\">Mittwoch ist Roverabend und so versammelten sich alle Rover am Mittwochabend am W\u00d6 um gemeinsame Zeit und Ehrgeiz zu teilen.&hellip;&nbsp;<a href=\"https:\/\/pfadfinder-kuppenheim.de\/?p=18335\" class=\"\" rel=\"bookmark\">Weiterlesen &raquo;<span class=\"screen-reader-text\">Actionreiche Truppstunde<\/span><\/a><\/div><\/li>\n<li><div class=\"wp-block-latest-posts__featured-image aligncenter\"><img loading=\"lazy\" decoding=\"async\" width=\"768\" height=\"1024\" src=\"https:\/\/i0.wp.com\/pfadfinder-kuppenheim.de\/wp-content\/uploads\/2026\/04\/img_6625-1.jpg?fit=768%2C1024&amp;ssl=1\" class=\"attachment-large size-large wp-post-image\" alt=\"\" style=\"max-width:344px;max-height:194px;\" srcset=\"https:\/\/i0.wp.com\/pfadfinder-kuppenheim.de\/wp-content\/uploads\/2026\/04\/img_6625-1.jpg?w=1500&amp;ssl=1 1500w, https:\/\/i0.wp.com\/pfadfinder-kuppenheim.de\/wp-content\/uploads\/2026\/04\/img_6625-1.jpg?resize=225%2C300&amp;ssl=1 225w, https:\/\/i0.wp.com\/pfadfinder-kuppenheim.de\/wp-content\/uploads\/2026\/04\/img_6625-1.jpg?resize=768%2C1024&amp;ssl=1 768w, https:\/\/i0.wp.com\/pfadfinder-kuppenheim.de\/wp-content\/uploads\/2026\/04\/img_6625-1.jpg?resize=1152%2C1536&amp;ssl=1 1152w\" sizes=\"auto, (max-width: 768px) 100vw, 768px\" \/><\/div><a class=\"wp-block-latest-posts__post-title\" href=\"https:\/\/pfadfinder-kuppenheim.de\/?p=18326\">Alles Rund ums Holz<\/a><time datetime=\"2026-04-16T07:49:01+02:00\" class=\"wp-block-latest-posts__post-date\">16. April 2026<\/time><div class=\"wp-block-latest-posts__post-excerpt\">Am vergangenen Montag starteten die W\u00f6lflinge nach der Osterpause wieder in die Truppstunden. Nach den Max-Perlen und der Ferienerz\u00e4hlrunde spielten&hellip;&nbsp;<a href=\"https:\/\/pfadfinder-kuppenheim.de\/?p=18326\" class=\"\" rel=\"bookmark\">Weiterlesen &raquo;<span class=\"screen-reader-text\">Alles Rund ums Holz<\/span><\/a><\/div><\/li>\n<li><div class=\"wp-block-latest-posts__featured-image aligncenter\"><img loading=\"lazy\" decoding=\"async\" width=\"768\" height=\"1024\" src=\"https:\/\/i0.wp.com\/pfadfinder-kuppenheim.de\/wp-content\/uploads\/2026\/03\/img_6435-1.jpg?fit=768%2C1024&amp;ssl=1\" class=\"attachment-large size-large wp-post-image\" alt=\"\" style=\"max-width:344px;max-height:194px;\" srcset=\"https:\/\/i0.wp.com\/pfadfinder-kuppenheim.de\/wp-content\/uploads\/2026\/03\/img_6435-1.jpg?w=1500&amp;ssl=1 1500w, https:\/\/i0.wp.com\/pfadfinder-kuppenheim.de\/wp-content\/uploads\/2026\/03\/img_6435-1.jpg?resize=225%2C300&amp;ssl=1 225w, https:\/\/i0.wp.com\/pfadfinder-kuppenheim.de\/wp-content\/uploads\/2026\/03\/img_6435-1.jpg?resize=768%2C1024&amp;ssl=1 768w, https:\/\/i0.wp.com\/pfadfinder-kuppenheim.de\/wp-content\/uploads\/2026\/03\/img_6435-1.jpg?resize=1152%2C1536&amp;ssl=1 1152w\" sizes=\"auto, (max-width: 768px) 100vw, 768px\" \/><\/div><a class=\"wp-block-latest-posts__post-title\" href=\"https:\/\/pfadfinder-kuppenheim.de\/?p=18299\">Ostertruppstunde<\/a><time datetime=\"2026-03-29T18:59:39+02:00\" class=\"wp-block-latest-posts__post-date\">29. M\u00e4rz 2026<\/time><div class=\"wp-block-latest-posts__post-excerpt\">Am Montag bastelten die W\u00f6lflinge einen Osterhase aus Pappe und Eierkartons. Davor spielten wir A- Fangen und Leper Leperle. Schlie\u00dflich&hellip;&nbsp;<a href=\"https:\/\/pfadfinder-kuppenheim.de\/?p=18299\" class=\"\" rel=\"bookmark\">Weiterlesen &raquo;<span class=\"screen-reader-text\">Ostertruppstunde<\/span><\/a><\/div><\/li>\n<li><div class=\"wp-block-latest-posts__featured-image aligncenter\"><img loading=\"lazy\" decoding=\"async\" width=\"1024\" height=\"576\" src=\"https:\/\/i0.wp.com\/pfadfinder-kuppenheim.de\/wp-content\/uploads\/2026\/03\/Unbenannt.jpg?fit=1024%2C576&amp;ssl=1\" class=\"attachment-large size-large wp-post-image\" alt=\"\" style=\"max-width:344px;max-height:194px;\" srcset=\"https:\/\/i0.wp.com\/pfadfinder-kuppenheim.de\/wp-content\/uploads\/2026\/03\/Unbenannt.jpg?w=1920&amp;ssl=1 1920w, https:\/\/i0.wp.com\/pfadfinder-kuppenheim.de\/wp-content\/uploads\/2026\/03\/Unbenannt.jpg?resize=300%2C169&amp;ssl=1 300w, https:\/\/i0.wp.com\/pfadfinder-kuppenheim.de\/wp-content\/uploads\/2026\/03\/Unbenannt.jpg?resize=1024%2C576&amp;ssl=1 1024w, https:\/\/i0.wp.com\/pfadfinder-kuppenheim.de\/wp-content\/uploads\/2026\/03\/Unbenannt.jpg?resize=768%2C432&amp;ssl=1 768w, https:\/\/i0.wp.com\/pfadfinder-kuppenheim.de\/wp-content\/uploads\/2026\/03\/Unbenannt.jpg?resize=1536%2C864&amp;ssl=1 1536w\" sizes=\"auto, (max-width: 1024px) 100vw, 1024px\" \/><\/div><a class=\"wp-block-latest-posts__post-title\" href=\"https:\/\/pfadfinder-kuppenheim.de\/?p=18271\">Nachtexpedition im Wald: Wir Rover auf Schatzsuche &#x269c;&#xfe0f;&#x1f50e;<\/a><time datetime=\"2026-03-20T14:30:09+01:00\" class=\"wp-block-latest-posts__post-date\">20. M\u00e4rz 2026<\/time><div class=\"wp-block-latest-posts__post-excerpt\">Am vergangenen Mittwochabend haben wir Rover den Gruppenraum gegen die Taschenlampen getauscht. Zwischen 20 und 22 Uhr waren wir im&hellip;&nbsp;<a href=\"https:\/\/pfadfinder-kuppenheim.de\/?p=18271\" class=\"\" rel=\"bookmark\">Weiterlesen &raquo;<span class=\"screen-reader-text\">Nachtexpedition im Wald: Wir Rover auf Schatzsuche &#x269c;&#xfe0f;&#x1f50e;<\/span><\/a><\/div><\/li>\n<\/ul>\n\n\n<div class=\"wp-block-buttons is-content-justification-center is-layout-flex wp-container-core-buttons-is-layout-16018d1d wp-block-buttons-is-layout-flex\">\n<div class=\"wp-block-button is-style-default\"><a class=\"wp-block-button__link has-background wp-element-button\" href=\"https:\/\/pfadfinder-kuppenheim.de\/?page_id=8288\" style=\"background-color:#810a1a\">Alle Beitr\u00e4ge<\/a><\/div>\n<\/div>\n\n\n\n<div class=\"wp-block-cover alignfull is-light\" style=\"min-height:375px;aspect-ratio:unset;\"><img data-recalc-dims=\"1\" loading=\"lazy\" decoding=\"async\" width=\"1024\" height=\"314\" class=\"wp-block-cover__image-background wp-image-10358\" alt=\"\" src=\"https:\/\/i0.wp.com\/pfadfinder-kuppenheim.de\/wp-content\/uploads\/2023\/01\/footer_background.jpg?resize=1024%2C314&#038;ssl=1\" style=\"object-position:50% 62%\" data-object-fit=\"cover\" data-object-position=\"50% 62%\" srcset=\"https:\/\/i0.wp.com\/pfadfinder-kuppenheim.de\/wp-content\/uploads\/2023\/01\/footer_background.jpg?resize=1024%2C314&amp;ssl=1 1024w, https:\/\/i0.wp.com\/pfadfinder-kuppenheim.de\/wp-content\/uploads\/2023\/01\/footer_background.jpg?resize=300%2C92&amp;ssl=1 300w, https:\/\/i0.wp.com\/pfadfinder-kuppenheim.de\/wp-content\/uploads\/2023\/01\/footer_background.jpg?resize=768%2C235&amp;ssl=1 768w, https:\/\/i0.wp.com\/pfadfinder-kuppenheim.de\/wp-content\/uploads\/2023\/01\/footer_background.jpg?resize=1536%2C470&amp;ssl=1 1536w, https:\/\/i0.wp.com\/pfadfinder-kuppenheim.de\/wp-content\/uploads\/2023\/01\/footer_background.jpg?w=1920&amp;ssl=1 1920w\" sizes=\"auto, (max-width: 1024px) 100vw, 1024px\" \/><span aria-hidden=\"true\" class=\"wp-block-cover__background has-background-dim-0 has-background-dim\"><\/span><div class=\"wp-block-cover__inner-container is-layout-flow wp-block-cover-is-layout-flow\">\n<p class=\"has-text-align-center has-large-font-size\"><\/p>\n<\/div><\/div>\n\n\n\n<p><\/p>\n\n\n\n<hr class=\"wp-block-separator has-alpha-channel-opacity is-style-wide\"\/>\n","protected":false},"excerpt":{"rendered":"<p>hne Abenteuer w\u00e4re das Leben t\u00f6dlich langweilig. Robert Baden-Powell Unsere Stufen Wir treffen uns w\u00f6chentlich, au\u00dfer in den Ferien. Beitr\u00e4ge <\/p>\n","protected":false},"author":1,"featured_media":0,"parent":0,"menu_order":0,"comment_status":"closed","ping_status":"closed","template":"","meta":{"neve_meta_sidebar":"","neve_meta_container":"","neve_meta_enable_content_width":"","neve_meta_content_width":0,"neve_meta_title_alignment":"","neve_meta_author_avatar":"","neve_post_elements_order":"","neve_meta_disable_header":"","neve_meta_disable_footer":"","neve_meta_disable_title":"","jetpack_post_was_ever_published":false,"footnotes":""},"class_list":["post-2","page","type-page","status-publish","hentry"],"jetpack_sharing_enabled":true,"jetpack_shortlink":"https:\/\/wp.me\/P3G0PZ-2","_links":{"self":[{"href":"https:\/\/pfadfinder-kuppenheim.de\/index.php?rest_route=\/wp\/v2\/pages\/2","targetHints":{"allow":["GET"]}}],"collection":[{"href":"https:\/\/pfadfinder-kuppenheim.de\/index.php?rest_route=\/wp\/v2\/pages"}],"about":[{"href":"https:\/\/pfadfinder-kuppenheim.de\/index.php?rest_route=\/wp\/v2\/types\/page"}],"author":[{"embeddable":true,"href":"https:\/\/pfadfinder-kuppenheim.de\/index.php?rest_route=\/wp\/v2\/users\/1"}],"replies":[{"embeddable":true,"href":"https:\/\/pfadfinder-kuppenheim.de\/index.php?rest_route=%2Fwp%2Fv2%2Fcomments&post=2"}],"version-history":[{"count":202,"href":"https:\/\/pfadfinder-kuppenheim.de\/index.php?rest_route=\/wp\/v2\/pages\/2\/revisions"}],"predecessor-version":[{"id":16066,"href":"https:\/\/pfadfinder-kuppenheim.de\/index.php?rest_route=\/wp\/v2\/pages\/2\/revisions\/16066"}],"wp:attachment":[{"href":"https:\/\/pfadfinder-kuppenheim.de\/index.php?rest_route=%2Fwp%2Fv2%2Fmedia&parent=2"}],"curies":[{"name":"wp","href":"https:\/\/api.w.org\/{rel}","templated":true}]}}