{"id":11,"date":"2013-06-23T19:37:29","date_gmt":"2013-06-23T17:37:29","guid":{"rendered":"http:\/\/blog.pfadfinder-kuppenheim.de\/?page_id=11"},"modified":"2025-02-10T07:25:34","modified_gmt":"2025-02-10T06:25:34","slug":"wolflinge","status":"publish","type":"page","link":"https:\/\/pfadfinder-kuppenheim.de\/?page_id=11","title":{"rendered":"W\u00f6lflinge"},"content":{"rendered":"\n<div class=\"wp-block-media-text is-stacked-on-mobile\" style=\"grid-template-columns:25% auto\"><figure class=\"wp-block-media-text__media\"><img data-recalc-dims=\"1\" loading=\"lazy\" decoding=\"async\" width=\"392\" height=\"480\" src=\"https:\/\/i0.wp.com\/blog.pfadfinder-kuppenheim.de\/wp-content\/uploads\/2022\/08\/Woelfi14.png?resize=392%2C480\" alt=\"\" class=\"wp-image-9920 size-full\" srcset=\"https:\/\/i0.wp.com\/pfadfinder-kuppenheim.de\/wp-content\/uploads\/2022\/08\/Woelfi14.png?w=392&amp;ssl=1 392w, https:\/\/i0.wp.com\/pfadfinder-kuppenheim.de\/wp-content\/uploads\/2022\/08\/Woelfi14.png?resize=245%2C300&amp;ssl=1 245w\" sizes=\"auto, (max-width: 392px) 100vw, 392px\" \/><\/figure><div class=\"wp-block-media-text__content\">\n<h1 class=\"wp-block-heading has-large-font-size\">Willkommen bei den W\u00f6lflingen<\/h1>\n<\/div><\/div>\n\n\n\n<p>Du bist zwischen sechs und zehn Jahre alt? Dann bist du bei den W\u00f6lflingen genau richtig!<\/p>\n\n\n\n<p>W\u00f6lflinge sind Forscher*innen, Entdecker*innen, Kundschafter*innen und Kritiker*innen. Sie schauen hinter die Dinge, entdecken Unbekanntes und lernen es kennen. W\u00f6lflinge finden zu anderen und zu sich selbst: Sie lernen ihre St\u00e4rken und Schw\u00e4chen kennen und bilden sich eine Meinung.&nbsp;<\/p>\n\n\n\n<p>Wir treffen uns jeden Montag um 17:00 Uhr zur Gruppenstunde, machen aber auch Tagesaktionen und H\u00fcttenwochenenden. Highlights sind unsere Lager an Pfingsten und in den Sommerferien.<\/p>\n\n\n\n<p>Im <a href=\"http:\/\/blog.pfadfinder-kuppenheim.de\/?cat=4\">Blog der W\u00f6lflinge<\/a> bekommst du einen \u00dcberblick dar\u00fcber, was wir so machen.   <\/p>\n\n\n\n<figure class=\"wp-block-gallery has-nested-images columns-default is-cropped is-style-rectangular wp-block-gallery-1 is-layout-flex wp-block-gallery-is-layout-flex\">\n<figure class=\"wp-block-image size-full is-style-default\"><img data-recalc-dims=\"1\" loading=\"lazy\" decoding=\"async\" width=\"1200\" height=\"1600\" data-id=\"15288\" src=\"https:\/\/i0.wp.com\/pfadfinder-kuppenheim.de\/wp-content\/uploads\/2025\/02\/WhatsApp-Image-2025-02-03-at-15.59.54.jpeg?resize=1200%2C1600&#038;ssl=1\" alt=\"\" class=\"wp-image-15288\" srcset=\"https:\/\/i0.wp.com\/pfadfinder-kuppenheim.de\/wp-content\/uploads\/2025\/02\/WhatsApp-Image-2025-02-03-at-15.59.54.jpeg?w=1200&amp;ssl=1 1200w, https:\/\/i0.wp.com\/pfadfinder-kuppenheim.de\/wp-content\/uploads\/2025\/02\/WhatsApp-Image-2025-02-03-at-15.59.54.jpeg?resize=225%2C300&amp;ssl=1 225w, https:\/\/i0.wp.com\/pfadfinder-kuppenheim.de\/wp-content\/uploads\/2025\/02\/WhatsApp-Image-2025-02-03-at-15.59.54.jpeg?resize=768%2C1024&amp;ssl=1 768w, https:\/\/i0.wp.com\/pfadfinder-kuppenheim.de\/wp-content\/uploads\/2025\/02\/WhatsApp-Image-2025-02-03-at-15.59.54.jpeg?resize=1152%2C1536&amp;ssl=1 1152w\" sizes=\"auto, (max-width: 1200px) 100vw, 1200px\" \/><\/figure>\n<\/figure>\n\n\n<div class=\"wp-block-image\">\n<figure class=\"aligncenter size-large\"><img data-recalc-dims=\"1\" loading=\"lazy\" decoding=\"async\" width=\"768\" height=\"1024\" src=\"https:\/\/i0.wp.com\/pfadfinder-kuppenheim.de\/wp-content\/uploads\/2024\/05\/WhatsApp-Image-2024-04-15-at-19.11.30-1.jpeg?resize=768%2C1024&#038;ssl=1\" alt=\"\" class=\"wp-image-12625\" srcset=\"https:\/\/i0.wp.com\/pfadfinder-kuppenheim.de\/wp-content\/uploads\/2024\/05\/WhatsApp-Image-2024-04-15-at-19.11.30-1.jpeg?resize=768%2C1024&amp;ssl=1 768w, https:\/\/i0.wp.com\/pfadfinder-kuppenheim.de\/wp-content\/uploads\/2024\/05\/WhatsApp-Image-2024-04-15-at-19.11.30-1.jpeg?resize=225%2C300&amp;ssl=1 225w, https:\/\/i0.wp.com\/pfadfinder-kuppenheim.de\/wp-content\/uploads\/2024\/05\/WhatsApp-Image-2024-04-15-at-19.11.30-1.jpeg?resize=1152%2C1536&amp;ssl=1 1152w, https:\/\/i0.wp.com\/pfadfinder-kuppenheim.de\/wp-content\/uploads\/2024\/05\/WhatsApp-Image-2024-04-15-at-19.11.30-1.jpeg?w=1500&amp;ssl=1 1500w\" sizes=\"auto, (max-width: 768px) 100vw, 768px\" \/><\/figure>\n<\/div>\n\n\n<h2 class=\"wp-block-heading has-text-align-center has-black-color has-luminous-vivid-amber-background-color has-text-color has-background\"><strong>Wir freuen uns auf dich!<\/strong><\/h2>\n\n\n\n<p>Momentan wird die W\u00f6lflingsmeute von Sina, Theresa und Ben geleitet. Bei Interesse und Fragen kannst du dich gerne hier melden: <a href=\"mailto:woelflinge@pfadfinder-kuppenheim.de\" target=\"_blank\" rel=\"noreferrer noopener\">woelflinge@pfadfinder-kuppenheim.de<\/a><\/p>\n\n\n\n<h2 class=\"wp-block-heading has-text-align-center has-black-color has-luminous-vivid-amber-background-color has-text-color has-background\">Instagram<\/h2>\n\n\n\n<div class=\"wp-block-cover alignfull is-light\" style=\"min-height:375px;aspect-ratio:unset;\"><span aria-hidden=\"true\" class=\"wp-block-cover__background has-background-dim-0 has-background-dim\"><\/span><img data-recalc-dims=\"1\" loading=\"lazy\" decoding=\"async\" width=\"1024\" height=\"314\" class=\"wp-block-cover__image-background wp-image-10358\" alt=\"\" src=\"https:\/\/i0.wp.com\/pfadfinder-kuppenheim.de\/wp-content\/uploads\/2023\/01\/footer_background.jpg?resize=1024%2C314&#038;ssl=1\" style=\"object-position:50% 62%\" data-object-fit=\"cover\" data-object-position=\"50% 62%\" srcset=\"https:\/\/i0.wp.com\/pfadfinder-kuppenheim.de\/wp-content\/uploads\/2023\/01\/footer_background.jpg?resize=1024%2C314&amp;ssl=1 1024w, https:\/\/i0.wp.com\/pfadfinder-kuppenheim.de\/wp-content\/uploads\/2023\/01\/footer_background.jpg?resize=300%2C92&amp;ssl=1 300w, https:\/\/i0.wp.com\/pfadfinder-kuppenheim.de\/wp-content\/uploads\/2023\/01\/footer_background.jpg?resize=768%2C235&amp;ssl=1 768w, https:\/\/i0.wp.com\/pfadfinder-kuppenheim.de\/wp-content\/uploads\/2023\/01\/footer_background.jpg?resize=1536%2C470&amp;ssl=1 1536w, https:\/\/i0.wp.com\/pfadfinder-kuppenheim.de\/wp-content\/uploads\/2023\/01\/footer_background.jpg?w=1920&amp;ssl=1 1920w\" sizes=\"auto, (max-width: 1024px) 100vw, 1024px\" \/><div class=\"wp-block-cover__inner-container is-layout-flow wp-block-cover-is-layout-flow\">\n<p class=\"has-text-align-center has-large-font-size\"><\/p>\n<\/div><\/div>\n","protected":false},"excerpt":{"rendered":"<p>Willkommen bei den W\u00f6lflingen Du bist zwischen sechs und zehn Jahre alt? Dann bist du bei den W\u00f6lflingen genau richtig! W\u00f6lflinge sind Forscher*innen, Entdecker*innen, Kundschafter*innen und Kritiker*innen. Sie schauen hinter die Dinge, entdecken Unbekanntes und lernen es kennen. W\u00f6lflinge finden zu anderen und zu sich selbst: Sie lernen ihre St\u00e4rken und Schw\u00e4chen kennen und bilden&hellip;&nbsp;<a href=\"https:\/\/pfadfinder-kuppenheim.de\/?page_id=11\" class=\"\" rel=\"bookmark\">Weiterlesen &raquo;<span class=\"screen-reader-text\">W\u00f6lflinge<\/span><\/a><\/p>\n","protected":false},"author":2,"featured_media":0,"parent":0,"menu_order":0,"comment_status":"closed","ping_status":"open","template":"","meta":{"neve_meta_sidebar":"","neve_meta_container":"","neve_meta_enable_content_width":"","neve_meta_content_width":0,"neve_meta_title_alignment":"","neve_meta_author_avatar":"","neve_post_elements_order":"","neve_meta_disable_header":"","neve_meta_disable_footer":"","neve_meta_disable_title":"","jetpack_post_was_ever_published":false,"footnotes":""},"class_list":["post-11","page","type-page","status-publish","hentry"],"jetpack_sharing_enabled":true,"jetpack_shortlink":"https:\/\/wp.me\/P3G0PZ-b","_links":{"self":[{"href":"https:\/\/pfadfinder-kuppenheim.de\/index.php?rest_route=\/wp\/v2\/pages\/11","targetHints":{"allow":["GET"]}}],"collection":[{"href":"https:\/\/pfadfinder-kuppenheim.de\/index.php?rest_route=\/wp\/v2\/pages"}],"about":[{"href":"https:\/\/pfadfinder-kuppenheim.de\/index.php?rest_route=\/wp\/v2\/types\/page"}],"author":[{"embeddable":true,"href":"https:\/\/pfadfinder-kuppenheim.de\/index.php?rest_route=\/wp\/v2\/users\/2"}],"replies":[{"embeddable":true,"href":"https:\/\/pfadfinder-kuppenheim.de\/index.php?rest_route=%2Fwp%2Fv2%2Fcomments&post=11"}],"version-history":[{"count":31,"href":"https:\/\/pfadfinder-kuppenheim.de\/index.php?rest_route=\/wp\/v2\/pages\/11\/revisions"}],"predecessor-version":[{"id":15291,"href":"https:\/\/pfadfinder-kuppenheim.de\/index.php?rest_route=\/wp\/v2\/pages\/11\/revisions\/15291"}],"wp:attachment":[{"href":"https:\/\/pfadfinder-kuppenheim.de\/index.php?rest_route=%2Fwp%2Fv2%2Fmedia&parent=11"}],"curies":[{"name":"wp","href":"https:\/\/api.w.org\/{rel}","templated":true}]}}